{"id":337,"date":"2026-02-25T13:44:14","date_gmt":"2026-02-25T13:44:14","guid":{"rendered":"https:\/\/innome.de\/?page_id=337"},"modified":"2026-03-14T19:25:48","modified_gmt":"2026-03-14T19:25:48","slug":"publications","status":"publish","type":"page","link":"https:\/\/innome.de\/de\/publications\/","title":{"rendered":"Publications"},"content":{"rendered":"\n<div class=\"wp-block-group alignfull has-global-padding is-layout-constrained wp-container-core-group-is-layout-a61a3a89 wp-block-group-is-layout-constrained\">\n<section class=\"wp-block-group alignfull is-style-default has-global-padding is-layout-constrained wp-container-core-group-is-layout-805c98a0 wp-block-group-is-layout-constrained\" style=\"margin-top:0;margin-bottom:0;padding-top:0;padding-right:0;padding-bottom:0;padding-left:0\">\n<div class=\"wp-block-cover has-custom-content-position is-position-center-left aspect-xs-portrait aspect-sm-wide aspect-md-wide has-aspect-ratio\" style=\"border-top-left-radius:30px;border-top-right-radius:30px;border-bottom-left-radius:30px;border-bottom-right-radius:30px;padding-top:var(--wp--preset--spacing--64);padding-right:var(--wp--preset--spacing--64);padding-bottom:var(--wp--preset--spacing--64);padding-left:var(--wp--preset--spacing--64);aspect-ratio:19\/9;min-height:unset;\"><img fetchpriority=\"high\" decoding=\"async\" width=\"1920\" height=\"830\" class=\"wp-block-cover__image-background wp-image-340 size-full\" alt=\"\" src=\"https:\/\/innome.de\/wp-content\/uploads\/2026\/02\/3561236123.png\" data-object-fit=\"cover\" srcset=\"https:\/\/innome.de\/wp-content\/uploads\/2026\/02\/3561236123.png 1920w, https:\/\/innome.de\/wp-content\/uploads\/2026\/02\/3561236123-300x130.png 300w, https:\/\/innome.de\/wp-content\/uploads\/2026\/02\/3561236123-1024x443.png 1024w, https:\/\/innome.de\/wp-content\/uploads\/2026\/02\/3561236123-768x332.png 768w, https:\/\/innome.de\/wp-content\/uploads\/2026\/02\/3561236123-1536x664.png 1536w\" sizes=\"(max-width: 1920px) 100vw, 1920px\" \/><span aria-hidden=\"true\" class=\"wp-block-cover__background has-secondary-background-color has-background-dim-30 has-background-dim\"><\/span><div class=\"wp-block-cover__inner-container is-layout-flow wp-block-cover-is-layout-flow\">\n<div class=\"wp-block-group is-layout-flow wp-block-group-is-layout-flow\">\n<div class=\"wp-block-group has-global-padding is-content-justification-left is-layout-constrained wp-container-core-group-is-layout-d5209ea4 wp-block-group-is-layout-constrained\">\n<div class=\"wp-block-group is-layout-flow wp-container-core-group-is-layout-925e4b43 wp-block-group-is-layout-flow\">\n<div class=\"wp-block-group is-layout-flow wp-container-core-group-is-layout-26ef70db wp-block-group-is-layout-flow\">\n<h3 class=\"wp-block-heading is-style-text-lead-2 is-style-text-lead-2--1\" style=\"line-height:1.2\">Publikationen<\/h3>\n<\/div>\n\n\n\n<p class=\"is-style-text-summary-2 has-tiny-font-size is-style-text-summary-2--2\" style=\"font-style:normal;font-weight:300\">Die zenCELL owl hat sich weltweit als ideale Unterst\u00fctzung f\u00fcr Wissenschaftlerinnen und Wissenschaftler bei der \u00dcberwachung ihrer Zellen direkt im Inkubator bew\u00e4hrt. Sie h\u00e4lt die Zellen ungest\u00f6rt in ihrer gewohnten Umgebung und liefert zugleich objektive, unverf\u00e4lschte Einblicke.<\/p>\n<\/div>\n\n\n\n<div class=\"wp-block-buttons is-layout-flex wp-block-buttons-is-layout-flex\">\n<div class=\"wp-block-button has-custom-width wp-block-button__width-50 is-style-button-size-1 is-style-fill\"><a class=\"wp-block-button__link wp-element-button\" href=\"#Publikationen\" style=\"border-top-left-radius:30px;border-top-right-radius:30px;border-bottom-left-radius:30px;border-bottom-right-radius:30px\">Mehr erfahren<\/a><\/div>\n<\/div>\n<\/div>\n<\/div>\n<\/div><\/div>\n<\/section>\n<\/div>\n\n\n\n<div class=\"wp-block-group alignwide has-global-padding is-content-justification-left is-layout-constrained wp-container-core-group-is-layout-d0d37d64 wp-block-group-is-layout-constrained\" id=\"Publikationen\">\n<div class=\"wp-block-group alignwide has-global-padding is-content-justification-left is-layout-constrained wp-container-core-group-is-layout-c5ec6b07 wp-block-group-is-layout-constrained\">\n<h2 class=\"wp-block-heading has-primary-color has-text-color has-link-color wp-elements-5187603c6eb8f3224f68e817f50c6b77\">Publikationen mit der zenCELL owl<\/h2>\n\n\n\n<p class=\"has-primary-color has-text-color has-link-color has-minuscule-font-size wp-elements-954d57e464ba891fbf3b3ea9cb88cb2b\">*Alle Rechte vorbehalten bei den Autorinnen und Autoren sowie den Verlagen.<\/p>\n<\/div>\n\n\n\n<div class=\"wp-block-group alignwide pubs-wrap has-global-padding is-content-justification-left is-layout-constrained wp-container-core-group-is-layout-a352d80b wp-block-group-is-layout-constrained\" style=\"margin-top:var(--wp--preset--spacing--28);margin-bottom:var(--wp--preset--spacing--28);padding-top:var(--wp--preset--spacing--28);padding-bottom:var(--wp--preset--spacing--28)\">\n<div class=\"wp-block-columns alignwide is-layout-flex wp-container-core-columns-is-layout-455a2e0d wp-block-columns-is-layout-flex\" style=\"padding-right:0;padding-left:0\">\n<div class=\"wp-block-column is-layout-flow wp-block-column-is-layout-flow\" style=\"padding-right:var(--wp--preset--spacing--10);flex-basis:50%\">\n<div class=\"wp-block-group alignfull has-global-padding is-layout-constrained wp-container-core-group-is-layout-c19476fc wp-block-group-is-layout-constrained\">\n<h2 class=\"wp-block-heading has-primary-color has-text-color has-link-color wp-elements-30d19f4546c374b3822d3bb2f70adbda\">Die subzellul\u00e4re Lokalisation von HER2, Zell-Zell-Kontakte und die Zelldichte regulieren die Plastizit\u00e4t von Krebszellen bei HER2-positivem Brustkrebs.<\/h2>\n\n\n\n<hr class=\"wp-block-separator has-text-color has-primary-color has-alpha-channel-opacity has-primary-background-color has-background is-style-default\"\/>\n\n\n\n<p><a href=\"https:\/\/www.biorxiv.org\/content\/10.1101\/2023.09.28.559965v2\" target=\"_blank\" rel=\"noreferrer noopener\"><strong>Sameri, et al<br>2023, bioRxiv<\/strong><\/a><\/p>\n\n\n\n<hr class=\"wp-block-separator has-text-color has-primary-color has-alpha-channel-opacity has-primary-background-color has-background is-style-default\"\/>\n\n\n\n<p>\u201eWir f\u00fchrten Live-Cell-Imaging mit dem 24-Kanal-Mikroskop zenCELL owl durch. Dadurch konnten wir das unterschiedliche Migrationsverhalten von Zellen in Echtzeit beobachten. Vor Beginn der Zellbeobachtung wurde das Kulturmedium durch frisches Kulturmedium ersetzt, das unsere Zielbehandlungen enthielt. Die Zellmotilit\u00e4t wurde \u00fcber einen Zeitraum von 24 Stunden bei 37 \u00b0C und 5 % CO\u2082 mit dem zenCELL owl System unter folgenden Einstellungen untersucht: Gesamtdauer des Time-Lapse-Imaging: 24 Stunden; Intervall: 10 Minuten; Belichtung: 4; Gain: 1; Beleuchtung: 43 %; Helligkeit: 58 %.\u201c (S. 29)<\/p>\n<\/div>\n<\/div>\n\n\n\n<div class=\"wp-block-column is-vertically-aligned-center is-layout-flow wp-block-column-is-layout-flow\" style=\"padding-right:0;padding-left:var(--wp--preset--spacing--10);flex-basis:50%\">\n<figure class=\"wp-block-image aligncenter size-full is-resized\"><img decoding=\"async\" width=\"980\" height=\"278\" src=\"https:\/\/innome.de\/wp-content\/uploads\/2026\/02\/Sameri2023.jpg\" alt=\"\" class=\"wp-image-346\" style=\"width:800px\" srcset=\"https:\/\/innome.de\/wp-content\/uploads\/2026\/02\/Sameri2023.jpg 980w, https:\/\/innome.de\/wp-content\/uploads\/2026\/02\/Sameri2023-300x85.jpg 300w, https:\/\/innome.de\/wp-content\/uploads\/2026\/02\/Sameri2023-768x218.jpg 768w\" sizes=\"(max-width: 980px) 100vw, 980px\" \/><\/figure>\n<\/div>\n<\/div>\n<\/div>\n\n\n\n<div class=\"wp-block-group alignwide pubs-wrap has-global-padding is-content-justification-left is-layout-constrained wp-container-core-group-is-layout-076201dd wp-block-group-is-layout-constrained\" style=\"margin-top:var(--wp--preset--spacing--38);margin-bottom:var(--wp--preset--spacing--38);padding-top:var(--wp--preset--spacing--28);padding-bottom:var(--wp--preset--spacing--28)\">\n<div class=\"wp-block-columns alignwide is-layout-flex wp-container-core-columns-is-layout-455a2e0d wp-block-columns-is-layout-flex\" style=\"padding-right:0;padding-left:0\">\n<div class=\"wp-block-column is-layout-flow wp-block-column-is-layout-flow\" style=\"padding-right:var(--wp--preset--spacing--10);flex-basis:50%\">\n<div class=\"wp-block-group alignfull has-global-padding is-layout-constrained wp-container-core-group-is-layout-c19476fc wp-block-group-is-layout-constrained\">\n<h2 class=\"wp-block-heading has-primary-color has-text-color has-link-color wp-elements-433419c7b340879576426fc775a40471\">Der Effekt von Xevinapant in Kombination mit ionisierender Strahlung auf HNSCC- und normale Gewebezellen sowie der Einfluss von Xevinapant auf seine Zielproteine cIAP1 und XIAP<\/h2>\n\n\n\n<hr class=\"wp-block-separator has-text-color has-primary-color has-alpha-channel-opacity has-primary-background-color has-background is-style-default\"\/>\n\n\n\n<p><a href=\"https:\/\/www.mdpi.com\/2073-4409\/12\/12\/1653\" target=\"_blank\" rel=\"noreferrer noopener\"><strong>Fleischmann, et al<br>2023, cells (1653)<\/strong><\/a><\/p>\n\n\n\n<hr class=\"wp-block-separator has-text-color has-primary-color has-alpha-channel-opacity has-primary-background-color has-background is-style-default\"\/>\n\n\n\n<p>\u201eUnmittelbar danach begann das Monitoring mit einem 24-Kanal-Mikroskop im Inkubator, wobei ein Bild pro Stunde aufgenommen wurde (zenCELL owl, innoME GmbH, Espelkamp, Deutschland). Die Zellen wurden zun\u00e4chst 24 Stunden zur Adh\u00e4renz und Stabilisierung inkubiert, bevor Xevinapant in unterschiedlichen Konzentrationen zugesetzt wurde. Drei Stunden nach der Applikation von Xevinapant wurden die Zellen mit einer Dosis von 2 Gy bestrahlt. Nach 48-st\u00fcndiger Behandlung mit Xevinapant wurde das Medium durch ein medikamentenfreies Medium ersetzt.\u201c (S. 3)<\/p>\n<\/div>\n<\/div>\n\n\n\n<div class=\"wp-block-column is-vertically-aligned-center is-layout-flow wp-block-column-is-layout-flow\" style=\"padding-right:0;padding-left:var(--wp--preset--spacing--10);flex-basis:50%\">\n<figure class=\"wp-block-image aligncenter size-full is-resized\"><img decoding=\"async\" width=\"462\" height=\"443\" src=\"https:\/\/innome.de\/wp-content\/uploads\/2026\/02\/Fleischmann2023.jpg\" alt=\"\" class=\"wp-image-359\" style=\"width:600px\" srcset=\"https:\/\/innome.de\/wp-content\/uploads\/2026\/02\/Fleischmann2023.jpg 462w, https:\/\/innome.de\/wp-content\/uploads\/2026\/02\/Fleischmann2023-300x288.jpg 300w\" sizes=\"(max-width: 462px) 100vw, 462px\" \/><\/figure>\n<\/div>\n<\/div>\n<\/div>\n\n\n\n<div class=\"wp-block-group alignwide pubs-wrap has-global-padding is-content-justification-left is-layout-constrained wp-container-core-group-is-layout-076201dd wp-block-group-is-layout-constrained\" style=\"margin-top:var(--wp--preset--spacing--38);margin-bottom:var(--wp--preset--spacing--38);padding-top:var(--wp--preset--spacing--28);padding-bottom:var(--wp--preset--spacing--28)\">\n<div class=\"wp-block-columns alignwide is-layout-flex wp-container-core-columns-is-layout-455a2e0d wp-block-columns-is-layout-flex\" style=\"padding-right:0;padding-left:0\">\n<div class=\"wp-block-column is-layout-flow wp-block-column-is-layout-flow\" style=\"padding-right:var(--wp--preset--spacing--10);flex-basis:50%\">\n<div class=\"wp-block-group alignfull has-global-padding is-layout-constrained wp-container-core-group-is-layout-c19476fc wp-block-group-is-layout-constrained\">\n<h2 class=\"wp-block-heading has-primary-color has-text-color has-link-color wp-elements-b1639a871161279b5d617c6ede8d3561\">Der Effekt einer Simvastatin-Behandlung auf die durch TNF-\u03b1 induzierte Entz\u00fcndung in humanen vaskul\u00e4ren Endothelzellen (HUVECs)<\/h2>\n\n\n\n<hr class=\"wp-block-separator has-text-color has-primary-color has-alpha-channel-opacity has-primary-background-color has-background is-style-default\"\/>\n\n\n\n<p><a href=\"https:\/\/journals.tubitak.gov.tr\/veterinary\/vol47\/iss3\/9\/\" target=\"_blank\" rel=\"noreferrer noopener\"><strong>G\u00f6rg\u00fcn, et al<br>2023, Turkish Journal of Veterinary &amp; Animal Sciences (47)<\/strong><\/a><\/p>\n\n\n\n<hr class=\"wp-block-separator has-text-color has-primary-color has-alpha-channel-opacity has-primary-background-color has-background is-style-default\"\/>\n\n\n\n<p>\u201e3 \u00d7 10\u2075 Zellen in 2000 \u00b5L wurden in jede Vertiefung steriler 6-Well-Platten ausges\u00e4t und f\u00fcr 24 Stunden im Inkubator kultiviert, um an der Bodenfl\u00e4che zu adh\u00e4reren und zu proliferieren. Nach zweimaligem Waschen mit PBS wurde das Medium gewechselt. Die Zellen wurden entsprechend den f\u00fcr die Studie vorgesehenen Zeitpunkten \u00fcberwacht (24 h f\u00fcr qPCR, 48 h f\u00fcr den Wound-Assay unter Verwendung des zenCELL Systems).\u201c (S. 273)<\/p>\n<\/div>\n<\/div>\n\n\n\n<div class=\"wp-block-column is-vertically-aligned-center is-layout-flow wp-block-column-is-layout-flow\" style=\"padding-right:0;padding-left:var(--wp--preset--spacing--10);flex-basis:50%\">\n<figure class=\"wp-block-image aligncenter size-full is-resized\"><img loading=\"lazy\" decoding=\"async\" width=\"642\" height=\"741\" src=\"https:\/\/innome.de\/wp-content\/uploads\/2026\/02\/Goerguen2023.jpg\" alt=\"\" class=\"wp-image-362\" style=\"width:400px\" srcset=\"https:\/\/innome.de\/wp-content\/uploads\/2026\/02\/Goerguen2023.jpg 642w, https:\/\/innome.de\/wp-content\/uploads\/2026\/02\/Goerguen2023-260x300.jpg 260w\" sizes=\"(max-width: 642px) 100vw, 642px\" \/><\/figure>\n<\/div>\n<\/div>\n<\/div>\n\n\n\n<div class=\"wp-block-group alignwide pubs-wrap has-global-padding is-content-justification-left is-layout-constrained wp-container-core-group-is-layout-076201dd wp-block-group-is-layout-constrained\" style=\"margin-top:var(--wp--preset--spacing--38);margin-bottom:var(--wp--preset--spacing--38);padding-top:var(--wp--preset--spacing--28);padding-bottom:var(--wp--preset--spacing--28)\">\n<div class=\"wp-block-columns alignwide is-layout-flex wp-container-core-columns-is-layout-455a2e0d wp-block-columns-is-layout-flex\" style=\"padding-right:0;padding-left:0\">\n<div class=\"wp-block-column is-layout-flow wp-block-column-is-layout-flow\" style=\"padding-right:var(--wp--preset--spacing--10);flex-basis:50%\">\n<div class=\"wp-block-group alignfull has-global-padding is-layout-constrained wp-container-core-group-is-layout-c19476fc wp-block-group-is-layout-constrained\">\n<h2 class=\"wp-block-heading has-primary-color has-text-color has-link-color wp-elements-d168adbfd85905f911d9efa244be8841\">Domperidon sch\u00fctzt Zellen vor einer Intoxikation mit Clostridioides-difficile-Toxinen durch Hemmung der Hsp70-vermittelten Membrantranslokation<\/h2>\n\n\n\n<hr class=\"wp-block-separator has-text-color has-primary-color has-alpha-channel-opacity has-primary-background-color has-background is-style-default\"\/>\n\n\n\n<p><a href=\"https:\/\/www.mdpi.com\/2072-6651\/15\/6\/384\" target=\"_blank\" rel=\"noreferrer noopener\"><strong>Braune-Yan, et al<br>2023, toxins (384)<\/strong><\/a><\/p>\n\n\n\n<hr class=\"wp-block-separator has-text-color has-primary-color has-alpha-channel-opacity has-primary-background-color has-background is-style-default\"\/>\n\n\n\n<p>\u201eZur Erfassung eines zeitlichen Verlaufs der Intoxikation wurde das automatisierte 24-Kanal-Mikroskop zenCELL owl (innoME GmbH, Espelkamp, Deutschland) eingesetzt. Bilder wurden alle 10 Minuten \u00fcber einen Zeitraum von 8\u201312 Stunden aufgenommen.\u201c (S. 11)<\/p>\n<\/div>\n<\/div>\n\n\n\n<div class=\"wp-block-column is-vertically-aligned-center is-layout-flow wp-block-column-is-layout-flow\" style=\"padding-right:0;padding-left:var(--wp--preset--spacing--10);flex-basis:50%\">\n<figure class=\"wp-block-image aligncenter size-full is-resized\"><img loading=\"lazy\" decoding=\"async\" width=\"712\" height=\"297\" src=\"https:\/\/innome.de\/wp-content\/uploads\/2026\/02\/braune-yan2023.jpg\" alt=\"\" class=\"wp-image-369\" style=\"width:800px\" srcset=\"https:\/\/innome.de\/wp-content\/uploads\/2026\/02\/braune-yan2023.jpg 712w, https:\/\/innome.de\/wp-content\/uploads\/2026\/02\/braune-yan2023-300x125.jpg 300w\" sizes=\"(max-width: 712px) 100vw, 712px\" \/><\/figure>\n<\/div>\n<\/div>\n<\/div>\n\n\n\n<div class=\"wp-block-group alignwide pubs-wrap has-global-padding is-content-justification-left is-layout-constrained wp-container-core-group-is-layout-076201dd wp-block-group-is-layout-constrained\" style=\"margin-top:var(--wp--preset--spacing--38);margin-bottom:var(--wp--preset--spacing--38);padding-top:var(--wp--preset--spacing--28);padding-bottom:var(--wp--preset--spacing--28)\">\n<div class=\"wp-block-columns alignwide is-layout-flex wp-container-core-columns-is-layout-455a2e0d wp-block-columns-is-layout-flex\" style=\"padding-right:0;padding-left:0\">\n<div class=\"wp-block-column is-layout-flow wp-block-column-is-layout-flow\" style=\"padding-right:var(--wp--preset--spacing--10);flex-basis:50%\">\n<div class=\"wp-block-group alignfull has-global-padding is-layout-constrained wp-container-core-group-is-layout-c19476fc wp-block-group-is-layout-constrained\">\n<h2 class=\"wp-block-heading has-primary-color has-text-color has-link-color wp-elements-22dbfec51666e251a5f8e36917f78ae0\">In-vitro-Analyse von mit APTES beschichteten superparamagnetischen Eisenoxid-Nanopartikeln als m\u00f6gliche Radiosensibilisatoren f\u00fcr HNSCC-Zellen<\/h2>\n\n\n\n<hr class=\"wp-block-separator has-text-color has-primary-color has-alpha-channel-opacity has-primary-background-color has-background is-style-default\"\/>\n\n\n\n<p><a href=\"https:\/\/www.mdpi.com\/2079-4991\/13\/2\/330\" target=\"_blank\" rel=\"noreferrer noopener\"><strong>Emer, et al<br>2023, nanomaterials (330)<\/strong><\/a><\/p>\n\n\n\n<hr class=\"wp-block-separator has-text-color has-primary-color has-alpha-channel-opacity has-primary-background-color has-background is-style-default\"\/>\n\n\n\n<p>\u201eZur Bewertung der Interaktion der Zellen mit SPIONs bei unterschiedlichen Konzentrationen wurden diese mit einem 24-Well-Mikroskop (zenCELL owl; innoME GmbH, Espelkamp, Deutschland) \u00fcberwacht. Die Zellen wurden in eine 24-Well-Platte mit 30.000 Zellen und 0,8 mL Medium pro Vertiefung ausges\u00e4t. Unmittelbar danach begann das Monitoring mit dem 24-Well-Mikroskop im Inkubator, wobei entweder st\u00fcndlich oder alle 15 Minuten ein Bild aufgenommen wurde.\u201c (S. 3)<\/p>\n<\/div>\n<\/div>\n\n\n\n<div class=\"wp-block-column is-vertically-aligned-center is-layout-flow wp-block-column-is-layout-flow\" style=\"padding-right:0;padding-left:var(--wp--preset--spacing--10);flex-basis:50%\">\n<figure class=\"wp-block-image aligncenter size-full is-resized\"><img loading=\"lazy\" decoding=\"async\" width=\"571\" height=\"417\" src=\"https:\/\/innome.de\/wp-content\/uploads\/2026\/02\/emer2023.jpg\" alt=\"\" class=\"wp-image-373\" style=\"width:800px\" srcset=\"https:\/\/innome.de\/wp-content\/uploads\/2026\/02\/emer2023.jpg 571w, https:\/\/innome.de\/wp-content\/uploads\/2026\/02\/emer2023-300x219.jpg 300w\" sizes=\"(max-width: 571px) 100vw, 571px\" \/><\/figure>\n<\/div>\n<\/div>\n<\/div>\n\n\n\n<div class=\"wp-block-group alignwide pubs-wrap has-global-padding is-content-justification-left is-layout-constrained wp-container-core-group-is-layout-076201dd wp-block-group-is-layout-constrained\" style=\"margin-top:var(--wp--preset--spacing--38);margin-bottom:var(--wp--preset--spacing--38);padding-top:var(--wp--preset--spacing--28);padding-bottom:var(--wp--preset--spacing--28)\">\n<div class=\"wp-block-columns alignwide is-layout-flex wp-container-core-columns-is-layout-455a2e0d wp-block-columns-is-layout-flex\" style=\"padding-right:0;padding-left:0\">\n<div class=\"wp-block-column is-layout-flow wp-block-column-is-layout-flow\" style=\"padding-right:var(--wp--preset--spacing--10);flex-basis:50%\">\n<div class=\"wp-block-group alignfull has-global-padding is-layout-constrained wp-container-core-group-is-layout-c19476fc wp-block-group-is-layout-constrained\">\n<h2 class=\"wp-block-heading has-primary-color has-text-color has-link-color wp-elements-5480da8b00fe023f713ba68f067a8a1d\">Mycolacton verursacht einen destruktiven, Sec61-abh\u00e4ngigen Verlust der endothelialen Glykokalyx und der Gef\u00e4\u00dfbasalmembran: ein neuer indirekter Mechanismus, der die Gewebenekrose bei einer Infektion mit <em>Mycobacterium ulcerans<\/em> vorantreibt<\/h2>\n\n\n\n<hr class=\"wp-block-separator has-text-color has-primary-color has-alpha-channel-opacity has-primary-background-color has-background is-style-default\"\/>\n\n\n\n<p><a href=\"https:\/\/www.biorxiv.org\/content\/10.1101\/2023.02.21.529382v2\" target=\"_blank\" rel=\"noreferrer noopener\"><strong>Tzung-Harn Hsieh, et al<br>2023, bioRxiv&nbsp;<\/strong><\/a><\/p>\n\n\n\n<hr class=\"wp-block-separator has-text-color has-primary-color has-alpha-channel-opacity has-primary-background-color has-background is-style-default\"\/>\n\n\n\n<p>\u201eEine unverzerrte Analyse der Time-Lapse-Daten mithilfe der integrierten Algorithmen der zenCELL owl erm\u00f6glichte eine kontinuierliche Bestimmung der Zellbedeckung und Zellabl\u00f6sung, obwohl das System nicht darauf trainiert werden konnte, den elongierten Ph\u00e4notyp zu erkennen. Erwartungsgem\u00e4\u00df nahm die Zellbedeckung unter Kontrollbedingungen im Zeitverlauf zu, w\u00e4hrend der Anteil abgel\u00f6ster Zellen konstant bei etwa 5 % blieb.\u201c (S. 7)<\/p>\n<\/div>\n<\/div>\n\n\n\n<div class=\"wp-block-column is-vertically-aligned-center is-layout-flow wp-block-column-is-layout-flow\" style=\"padding-right:0;padding-left:var(--wp--preset--spacing--10);flex-basis:50%\">\n<figure class=\"wp-block-image aligncenter size-full is-resized\"><img loading=\"lazy\" decoding=\"async\" width=\"552\" height=\"368\" src=\"https:\/\/innome.de\/wp-content\/uploads\/2026\/02\/Tzung-Harn2023.jpg\" alt=\"\" class=\"wp-image-375\" style=\"width:800px\" srcset=\"https:\/\/innome.de\/wp-content\/uploads\/2026\/02\/Tzung-Harn2023.jpg 552w, https:\/\/innome.de\/wp-content\/uploads\/2026\/02\/Tzung-Harn2023-300x200.jpg 300w\" sizes=\"(max-width: 552px) 100vw, 552px\" \/><\/figure>\n<\/div>\n<\/div>\n<\/div>\n\n\n\n<div class=\"wp-block-group alignwide pubs-wrap has-global-padding is-content-justification-left is-layout-constrained wp-container-core-group-is-layout-076201dd wp-block-group-is-layout-constrained\" style=\"margin-top:var(--wp--preset--spacing--38);margin-bottom:var(--wp--preset--spacing--38);padding-top:var(--wp--preset--spacing--28);padding-bottom:var(--wp--preset--spacing--28)\">\n<div class=\"wp-block-columns alignwide is-layout-flex wp-container-core-columns-is-layout-455a2e0d wp-block-columns-is-layout-flex\" style=\"padding-right:0;padding-left:0\">\n<div class=\"wp-block-column is-layout-flow wp-block-column-is-layout-flow\" style=\"padding-right:var(--wp--preset--spacing--10);flex-basis:50%\">\n<div class=\"wp-block-group alignfull has-global-padding is-layout-constrained wp-container-core-group-is-layout-c19476fc wp-block-group-is-layout-constrained\">\n<h2 class=\"wp-block-heading has-primary-color has-text-color has-link-color wp-elements-4becd76c00be66f08163bb0869e52df4\">Antiphagozytose-blockierendes, repolarisationsresistentes, membranfusogenes Liposom (ARMFUL) f\u00fcr die adoptive Zellimmuntherapie<\/h2>\n\n\n\n<hr class=\"wp-block-separator has-text-color has-primary-color has-alpha-channel-opacity has-primary-background-color has-background is-style-default\"\/>\n\n\n\n<p><a href=\"https:\/\/www.science.org\/doi\/full\/10.1126\/sciadv.adh2413\" target=\"_blank\" rel=\"noreferrer noopener\"><strong>Zheng, et al<br>2023, Science Advances (32)<\/strong><\/a><\/p>\n\n\n\n<hr class=\"wp-block-separator has-text-color has-primary-color has-alpha-channel-opacity has-primary-background-color has-background is-style-default\"\/>\n\n\n\n<p>\u201eDie Ansichten jeder Vertiefung der Platte wurden mithilfe eines Live-Cell-Dynamik-Imaging- und Analysesystems (zenCELL owl) alle 10 Minuten \u00fcber einen Zeitraum von 36 Stunden aufgezeichnet. In den aufgezeichneten Bildern waren B16F10-Tumorzellen spindelf\u00f6rmig, w\u00e4hrend Makrophagen rund waren, sodass sie voneinander unterschieden werden konnten. Bei der Betrachtung des durch kontinuierliches Abspielen der Bilder erzeugten Videos war zu erkennen, dass runde Makrophagen in Gruppen eine einzelne spindelf\u00f6rmige B16F10-Tumorzelle angriffen; dieser Zellverband wurde als ein Phagozytoseereignis gewertet. Die Anzahl der phagozytierenden Zellcluster aller Gruppen wurde alle 5 Stunden quantifiziert.\u201c (S. 14)<\/p>\n<\/div>\n<\/div>\n\n\n\n<div class=\"wp-block-column is-vertically-aligned-center is-layout-flow wp-block-column-is-layout-flow\" style=\"padding-right:0;padding-left:var(--wp--preset--spacing--10);flex-basis:50%\">\n<figure class=\"wp-block-image aligncenter size-full is-resized\"><img loading=\"lazy\" decoding=\"async\" width=\"702\" height=\"396\" src=\"https:\/\/innome.de\/wp-content\/uploads\/2026\/02\/Zheng2023.jpg\" alt=\"\" class=\"wp-image-377\" style=\"width:800px\" srcset=\"https:\/\/innome.de\/wp-content\/uploads\/2026\/02\/Zheng2023.jpg 702w, https:\/\/innome.de\/wp-content\/uploads\/2026\/02\/Zheng2023-300x169.jpg 300w\" sizes=\"(max-width: 702px) 100vw, 702px\" \/><\/figure>\n<\/div>\n<\/div>\n<\/div>\n\n\n\n<div class=\"wp-block-group alignwide pubs-wrap has-global-padding is-content-justification-left is-layout-constrained wp-container-core-group-is-layout-076201dd wp-block-group-is-layout-constrained\" style=\"margin-top:var(--wp--preset--spacing--38);margin-bottom:var(--wp--preset--spacing--38);padding-top:var(--wp--preset--spacing--28);padding-bottom:var(--wp--preset--spacing--28)\">\n<div class=\"wp-block-columns alignwide is-layout-flex wp-container-core-columns-is-layout-455a2e0d wp-block-columns-is-layout-flex\" style=\"padding-right:0;padding-left:0\">\n<div class=\"wp-block-column is-layout-flow wp-block-column-is-layout-flow\" style=\"padding-right:var(--wp--preset--spacing--10);flex-basis:50%\">\n<div class=\"wp-block-group alignfull has-global-padding is-layout-constrained wp-container-core-group-is-layout-c19476fc wp-block-group-is-layout-constrained\">\n<h2 class=\"wp-block-heading has-primary-color has-text-color has-link-color wp-elements-7db3f782c949e5cf500a7c2c99cda9e7\">Analyse des zytotoxischen Effekts mithilfe eines Live-Cell-Imaging-Systems<\/h2>\n\n\n\n<hr class=\"wp-block-separator has-text-color has-primary-color has-alpha-channel-opacity has-primary-background-color has-background is-style-default\"\/>\n\n\n\n<p><a href=\"http:\/\/www.icj-e.org\/download\/ICJE-8-8-340-344.pdf\" target=\"_blank\" rel=\"noreferrer noopener\"><strong>Zeng; Chen<br>2022, International Core Journal of Engineering (8)<\/strong><\/a><\/p>\n\n\n\n<hr class=\"wp-block-separator has-text-color has-primary-color has-alpha-channel-opacity has-primary-background-color has-background is-style-default\"\/>\n\n\n\n<p>\u201eDie Dox-L\u00f6sung wurde mit frischem Medium auf eine Konzentration von 100 nM, 250 nM, 500 nM bzw. 1000 nM verd\u00fcnnt. Nach 24 Stunden wurde das Medium erneuert und die Proben wurden auf das zenCELL owl, ein System zur dynamischen Live-Zellbildgebung und -analyse (zenCELL owl Ger\u00e4t, InnoME GmbH, Deutschland), gestellt, um sie \u00fcber einen Zeitraum von 5 Tagen zu beobachten. Die Aufnahmen wurden st\u00fcndlich erstellt.\u201c<\/p>\n<\/div>\n<\/div>\n\n\n\n<div class=\"wp-block-column is-vertically-aligned-center is-layout-flow wp-block-column-is-layout-flow\" style=\"padding-right:0;padding-left:var(--wp--preset--spacing--10);flex-basis:50%\">\n<figure class=\"wp-block-image aligncenter size-full is-resized\"><img loading=\"lazy\" decoding=\"async\" width=\"946\" height=\"495\" src=\"https:\/\/innome.de\/wp-content\/uploads\/2026\/02\/zengCheng2022.jpg\" alt=\"\" class=\"wp-image-379\" style=\"width:800px\" srcset=\"https:\/\/innome.de\/wp-content\/uploads\/2026\/02\/zengCheng2022.jpg 946w, https:\/\/innome.de\/wp-content\/uploads\/2026\/02\/zengCheng2022-300x157.jpg 300w, https:\/\/innome.de\/wp-content\/uploads\/2026\/02\/zengCheng2022-768x402.jpg 768w\" sizes=\"(max-width: 946px) 100vw, 946px\" \/><\/figure>\n<\/div>\n<\/div>\n<\/div>\n\n\n\n<div class=\"wp-block-group alignwide pubs-wrap has-global-padding is-content-justification-left is-layout-constrained wp-container-core-group-is-layout-076201dd wp-block-group-is-layout-constrained\" style=\"margin-top:var(--wp--preset--spacing--38);margin-bottom:var(--wp--preset--spacing--38);padding-top:var(--wp--preset--spacing--28);padding-bottom:var(--wp--preset--spacing--28)\">\n<div class=\"wp-block-columns alignwide is-layout-flex wp-container-core-columns-is-layout-455a2e0d wp-block-columns-is-layout-flex\" style=\"padding-right:0;padding-left:0\">\n<div class=\"wp-block-column is-layout-flow wp-block-column-is-layout-flow\" style=\"padding-right:var(--wp--preset--spacing--10);flex-basis:50%\">\n<div class=\"wp-block-group alignfull has-global-padding is-layout-constrained wp-container-core-group-is-layout-c19476fc wp-block-group-is-layout-constrained\">\n<h2 class=\"wp-block-heading has-primary-color has-text-color has-link-color wp-elements-1620a8fa683c7f722d5d4b85aabde8c0\">Annotation und funktionelle Charakterisierung von fehlregulierten langen nicht-kodierenden RNAs beim Pankreasadenokarzinom<\/h2>\n\n\n\n<hr class=\"wp-block-separator has-text-color has-primary-color has-alpha-channel-opacity has-primary-background-color has-background is-style-default\"\/>\n\n\n\n<p><a href=\"https:\/\/link.springer.com\/article\/10.1007\/s13402-022-00678-5\" target=\"_blank\" rel=\"noreferrer noopener\"><strong>Paix\u00e3o, et al<br>2022, Cellular Oncology (45)<\/strong><\/a><\/p>\n\n\n\n<hr class=\"wp-block-separator has-text-color has-primary-color has-alpha-channel-opacity has-primary-background-color has-background is-style-default\"\/>\n\n\n\n<p>\u201eMit siRNA transfizierte AsPC-1-Zellen wurden bei niedriger Zelldichte (2 \u00d7 10\u2074) in 24-Well-Platten in dreifacher Ausf\u00fchrung (f\u00fcr Kontroll-siRNA in zweifacher Ausf\u00fchrung) ausges\u00e4t. Anschlie\u00dfend wurde das Zellwachstum in Echtzeit \u00fcber einen Zeitraum von 8 Tagen mit einem zenCELL Owl Live-Cell-Imaging-Mikroskop (innoME GmbH, Deutschland) \u00fcberwacht. Die Bilder wurden im 20-Minuten-Intervall aufgenommen, und die Ger\u00e4tesoftware berechnete zu jedem Messzeitpunkt den prozentualen Konfluenzgrad der adh\u00e4renten Zellen [51].\u201c (S. 484)<\/p>\n<\/div>\n<\/div>\n\n\n\n<div class=\"wp-block-column is-vertically-aligned-center is-layout-flow wp-block-column-is-layout-flow\" style=\"padding-right:0;padding-left:var(--wp--preset--spacing--10);flex-basis:50%\">\n<figure class=\"wp-block-image aligncenter size-full is-resized\"><img loading=\"lazy\" decoding=\"async\" width=\"1198\" height=\"434\" src=\"https:\/\/innome.de\/wp-content\/uploads\/2026\/02\/PaixaoScreenshot.png\" alt=\"\" class=\"wp-image-381\" style=\"width:800px\" srcset=\"https:\/\/innome.de\/wp-content\/uploads\/2026\/02\/PaixaoScreenshot.png 1198w, https:\/\/innome.de\/wp-content\/uploads\/2026\/02\/PaixaoScreenshot-300x109.png 300w, https:\/\/innome.de\/wp-content\/uploads\/2026\/02\/PaixaoScreenshot-1024x371.png 1024w, https:\/\/innome.de\/wp-content\/uploads\/2026\/02\/PaixaoScreenshot-768x278.png 768w\" sizes=\"(max-width: 1198px) 100vw, 1198px\" \/><\/figure>\n<\/div>\n<\/div>\n<\/div>\n\n\n\n<div class=\"wp-block-group alignwide pubs-wrap has-global-padding is-content-justification-left is-layout-constrained wp-container-core-group-is-layout-076201dd wp-block-group-is-layout-constrained\" style=\"margin-top:var(--wp--preset--spacing--38);margin-bottom:var(--wp--preset--spacing--38);padding-top:var(--wp--preset--spacing--28);padding-bottom:var(--wp--preset--spacing--28)\">\n<div class=\"wp-block-columns alignwide is-layout-flex wp-container-core-columns-is-layout-455a2e0d wp-block-columns-is-layout-flex\" style=\"padding-right:0;padding-left:0\">\n<div class=\"wp-block-column is-layout-flow wp-block-column-is-layout-flow\" style=\"padding-right:var(--wp--preset--spacing--10);flex-basis:50%\">\n<div class=\"wp-block-group alignfull has-global-padding is-layout-constrained wp-container-core-group-is-layout-c19476fc wp-block-group-is-layout-constrained\">\n<h2 class=\"wp-block-heading has-primary-color has-text-color has-link-color wp-elements-9809dbd02d0d98db04384e3a7a3ff045\">Saurer Aszites hemmt die Proliferation von Ovarialkarzinomzellen und korreliert mit dem metabolomischen, lipidomischen und inflammatorischen Ph\u00e4notyp von Patientinnen<\/h2>\n\n\n\n<hr class=\"wp-block-separator has-text-color has-primary-color has-alpha-channel-opacity has-primary-background-color has-background is-style-default\"\/>\n\n\n\n<p><a href=\"https:\/\/translational-medicine.biomedcentral.com\/articles\/10.1186\/s12967-022-03763-3\" target=\"_blank\" rel=\"noreferrer noopener\"><strong>Yang Q. et al<br>2022, Journal of Translational Medicine (20)<\/strong><\/a><\/p>\n\n\n\n<hr class=\"wp-block-separator has-text-color has-primary-color has-alpha-channel-opacity has-primary-background-color has-background is-style-default\"\/>\n\n\n\n<p>\u201eDie Platten wurden in einen Inkubator bei 37 \u00b0C gestellt, und die Zellmigration wurde in Echtzeit mittels Mikrokinematographie \u00fcberwacht [\u2026]. Das Ausma\u00df der Zellmigration nach 6, 24 und 36 Stunden wurde als Breite der Wundl\u00fccke (Scratch) im Verh\u00e4ltnis zur initialen Kratzspur angegeben und in Prozent (%) ausgedr\u00fcckt.\u201c (S. 4)<br><\/p>\n<\/div>\n<\/div>\n\n\n\n<div class=\"wp-block-column is-vertically-aligned-center is-layout-flow wp-block-column-is-layout-flow\" style=\"padding-right:0;padding-left:var(--wp--preset--spacing--10);flex-basis:50%\">\n<figure class=\"wp-block-image aligncenter size-full is-resized\"><img loading=\"lazy\" decoding=\"async\" width=\"880\" height=\"431\" src=\"https:\/\/innome.de\/wp-content\/uploads\/2026\/02\/YangScreenshot.png\" alt=\"\" class=\"wp-image-383\" style=\"width:800px\" srcset=\"https:\/\/innome.de\/wp-content\/uploads\/2026\/02\/YangScreenshot.png 880w, https:\/\/innome.de\/wp-content\/uploads\/2026\/02\/YangScreenshot-300x147.png 300w, https:\/\/innome.de\/wp-content\/uploads\/2026\/02\/YangScreenshot-768x376.png 768w\" sizes=\"(max-width: 880px) 100vw, 880px\" \/><\/figure>\n<\/div>\n<\/div>\n<\/div>\n\n\n\n<div class=\"wp-block-group alignwide pubs-wrap has-global-padding is-content-justification-left is-layout-constrained wp-container-core-group-is-layout-076201dd wp-block-group-is-layout-constrained\" style=\"margin-top:var(--wp--preset--spacing--38);margin-bottom:var(--wp--preset--spacing--38);padding-top:var(--wp--preset--spacing--28);padding-bottom:var(--wp--preset--spacing--28)\">\n<div class=\"wp-block-columns alignwide is-layout-flex wp-container-core-columns-is-layout-455a2e0d wp-block-columns-is-layout-flex\" style=\"padding-right:0;padding-left:0\">\n<div class=\"wp-block-column is-layout-flow wp-block-column-is-layout-flow\" style=\"padding-right:var(--wp--preset--spacing--10);flex-basis:50%\">\n<div class=\"wp-block-group alignfull has-global-padding is-layout-constrained wp-container-core-group-is-layout-c19476fc wp-block-group-is-layout-constrained\">\n<h2 class=\"wp-block-heading has-primary-color has-text-color has-link-color wp-elements-106eb27475f3841f2387f6d76e1b0a28\">Das Potenzial von Remdesivir, die Funktion, den Stoffwechsel und die Proliferation von Herz- und Nierenzellen in vitro zu beeinflussen<\/h2>\n\n\n\n<hr class=\"wp-block-separator has-text-color has-primary-color has-alpha-channel-opacity has-primary-background-color has-background is-style-default\"\/>\n\n\n\n<hr class=\"wp-block-separator has-alpha-channel-opacity\"\/>\n\n\n\n<p><a href=\"https:\/\/link.springer.com\/article\/10.1007\/s00204-022-03306-1\" target=\"_blank\" rel=\"noreferrer noopener\"><strong>Merches et al<br>2022, Archives of Toxicology (8)<\/strong><\/a><\/p>\n\n\n\n<hr class=\"wp-block-separator has-text-color has-primary-color has-alpha-channel-opacity has-primary-background-color has-background is-style-default\"\/>\n\n\n\n<p>\u201eDieses Experiment zeigte, dass Remdesivir die Zellzahl verringert (12,5 \u03bcM; Abb. 1e). Die Live-Cell-Mikroskopie deutete darauf hin, dass die im Vergleich zu unbehandelten Kontrollen reduzierte Zellzahl der mit Remdesivir behandelten H9c2-Zellen auf eine Hemmung der Zellproliferation und nicht auf die Induktion von Zelltod zur\u00fcckzuf\u00fchren war (Supplement\u00e4re Videos, Abb. S1a).\u201c (S. 2347)<\/p>\n<\/div>\n<\/div>\n\n\n\n<div class=\"wp-block-column is-vertically-aligned-center is-layout-flow wp-block-column-is-layout-flow\" style=\"padding-right:0;padding-left:var(--wp--preset--spacing--10);flex-basis:50%\">\n<figure class=\"wp-block-video aligncenter\"><video height=\"1080\" style=\"aspect-ratio: 1920 \/ 1080;\" width=\"1920\" autoplay loop muted src=\"https:\/\/innome.de\/wp-content\/uploads\/2026\/02\/clipfuerHP.mp4\" playsinline><\/video><\/figure>\n<\/div>\n<\/div>\n<\/div>\n\n\n\n<div class=\"wp-block-group alignwide pubs-wrap has-global-padding is-content-justification-left is-layout-constrained wp-container-core-group-is-layout-076201dd wp-block-group-is-layout-constrained\" style=\"margin-top:var(--wp--preset--spacing--38);margin-bottom:var(--wp--preset--spacing--38);padding-top:var(--wp--preset--spacing--28);padding-bottom:var(--wp--preset--spacing--28)\">\n<div class=\"wp-block-columns alignwide is-layout-flex wp-container-core-columns-is-layout-455a2e0d wp-block-columns-is-layout-flex\" style=\"padding-right:0;padding-left:0\">\n<div class=\"wp-block-column is-layout-flow wp-block-column-is-layout-flow\" style=\"padding-right:var(--wp--preset--spacing--10);flex-basis:50%\">\n<div class=\"wp-block-group alignfull has-global-padding is-layout-constrained wp-container-core-group-is-layout-c19476fc wp-block-group-is-layout-constrained\">\n<h2 class=\"wp-block-heading has-primary-color has-text-color has-link-color wp-elements-bace827a6d1408dda818e66cfc3258d3\">Verst\u00e4rkte Hyalurons\u00e4ure-basierte Matrizes f\u00f6rdern die Bildung dreidimensionaler neuronaler Netzwerke<\/h2>\n\n\n\n<hr class=\"wp-block-separator has-text-color has-primary-color has-alpha-channel-opacity has-primary-background-color has-background is-style-default\"\/>\n\n\n\n<p><a href=\"https:\/\/onlinelibrary.wiley.com\/doi\/10.1002\/adhm.202201826\" target=\"_blank\" rel=\"noreferrer noopener\"><strong>Janzen D. et al<br>2022, Advanced Healthcare Materials (11)<\/strong><\/a><\/p>\n\n\n\n<hr class=\"wp-block-separator has-text-color has-primary-color has-alpha-channel-opacity has-primary-background-color has-background is-style-default\"\/>\n\n\n\n<p>\u201eDie Live-Cell-Bildgebung wurde mit einem 24-Kanal-Inkubatormikroskop (zenCELL owl; innoME GmbH, Espelkamp, Deutschland) bei 37 \u00b0C und 5 % CO\u2082 durchgef\u00fchrt. Zellen und HA-SH wurden wie zuvor beschrieben vorbereitet und in eine 24-Well-Platte ausges\u00e4t und anschlie\u00dfend \u00fcber 48 Stunden im 5-Minuten-Intervall aufgenommen. Ein digitaler Phasenkontrast wurde mithilfe der zenCELL owl Software 3.2 angewendet.\u201c (S. 12)<\/p>\n<\/div>\n<\/div>\n\n\n\n<div class=\"wp-block-column is-vertically-aligned-center is-layout-flow wp-block-column-is-layout-flow\" style=\"padding-right:0;padding-left:var(--wp--preset--spacing--10);flex-basis:50%\">\n<figure class=\"wp-block-image aligncenter size-full is-resized\"><img loading=\"lazy\" decoding=\"async\" width=\"821\" height=\"438\" src=\"https:\/\/innome.de\/wp-content\/uploads\/2026\/02\/JanzenScreenshot.png\" alt=\"\" class=\"wp-image-401\" style=\"width:800px\" srcset=\"https:\/\/innome.de\/wp-content\/uploads\/2026\/02\/JanzenScreenshot.png 821w, https:\/\/innome.de\/wp-content\/uploads\/2026\/02\/JanzenScreenshot-300x160.png 300w, https:\/\/innome.de\/wp-content\/uploads\/2026\/02\/JanzenScreenshot-768x410.png 768w\" sizes=\"(max-width: 821px) 100vw, 821px\" \/><\/figure>\n<\/div>\n<\/div>\n<\/div>\n\n\n\n<div class=\"wp-block-group alignwide pubs-wrap has-global-padding is-content-justification-left is-layout-constrained wp-container-core-group-is-layout-076201dd wp-block-group-is-layout-constrained\" style=\"margin-top:var(--wp--preset--spacing--38);margin-bottom:var(--wp--preset--spacing--38);padding-top:var(--wp--preset--spacing--28);padding-bottom:var(--wp--preset--spacing--28)\">\n<div class=\"wp-block-columns alignwide is-layout-flex wp-container-core-columns-is-layout-455a2e0d wp-block-columns-is-layout-flex\" style=\"padding-right:0;padding-left:0\">\n<div class=\"wp-block-column is-layout-flow wp-block-column-is-layout-flow\" style=\"padding-right:var(--wp--preset--spacing--10);flex-basis:50%\">\n<div class=\"wp-block-group alignfull has-global-padding is-layout-constrained wp-container-core-group-is-layout-c19476fc wp-block-group-is-layout-constrained\">\n<h2 class=\"wp-block-heading has-primary-color has-text-color has-link-color wp-elements-a1b47a7c33e5e29ce5230eeea8484c7a\">Tumor-Targeting mit der bakteriellen Shiga-Toxin-B-Untereinheit in genetischen Schweinemodellen f\u00fcr kolorektales Karzinom und Osteosarkom<\/h2>\n\n\n\n<hr class=\"wp-block-separator has-text-color has-primary-color has-alpha-channel-opacity has-primary-background-color has-background is-style-default\"\/>\n\n\n\n<p><a href=\"https:\/\/aacrjournals.org\/mct\/article\/21\/4\/686\/689560\/Tumor-Targeting-with-Bacterial-Shiga-Toxin-B\" target=\"_blank\" rel=\"noreferrer noopener\"><strong>Ehrenfeld, Janssen et al<br>2022, Molecular Cancer Therapeutics (4)<\/strong><\/a><\/p>\n\n\n\n<hr class=\"wp-block-separator has-text-color has-primary-color has-alpha-channel-opacity has-primary-background-color has-background is-style-default\"\/>\n\n\n\n<p>\u201eZus\u00e4tzlich wurden insgesamt 1 \u00d7 10\u2074 Zellen pro Well in einer 24-Well-Platte unter Standardkulturbedingungen bei 37 \u00b0C ausges\u00e4t. Die Gesamtzellzahl im Zeitverlauf wurde \u00fcber einen Zeitraum von 120 Stunden mittels Live-Cell-Imaging mit dem Inkubatormikroskop zenCELL owl und der propriet\u00e4ren zenCELL owl Software bestimmt, wobei alle 20 Minuten Bilder aufgenommen wurden (innoME GmbH).\u201c (S. 688)<\/p>\n<\/div>\n<\/div>\n\n\n\n<div class=\"wp-block-column is-vertically-aligned-center is-layout-flow wp-block-column-is-layout-flow\" style=\"padding-right:0;padding-left:var(--wp--preset--spacing--10);flex-basis:50%\">\n<figure class=\"wp-block-image aligncenter size-full is-resized\"><img loading=\"lazy\" decoding=\"async\" width=\"847\" height=\"452\" src=\"https:\/\/innome.de\/wp-content\/uploads\/2026\/02\/ehrenfeldScreenshot.png\" alt=\"\" class=\"wp-image-403\" style=\"width:800px\" srcset=\"https:\/\/innome.de\/wp-content\/uploads\/2026\/02\/ehrenfeldScreenshot.png 847w, https:\/\/innome.de\/wp-content\/uploads\/2026\/02\/ehrenfeldScreenshot-300x160.png 300w, https:\/\/innome.de\/wp-content\/uploads\/2026\/02\/ehrenfeldScreenshot-768x410.png 768w\" sizes=\"(max-width: 847px) 100vw, 847px\" \/><\/figure>\n<\/div>\n<\/div>\n<\/div>\n\n\n\n<div class=\"wp-block-group alignwide pubs-wrap has-global-padding is-content-justification-left is-layout-constrained wp-container-core-group-is-layout-076201dd wp-block-group-is-layout-constrained\" style=\"margin-top:var(--wp--preset--spacing--38);margin-bottom:var(--wp--preset--spacing--38);padding-top:var(--wp--preset--spacing--28);padding-bottom:var(--wp--preset--spacing--28)\">\n<div class=\"wp-block-columns alignwide is-layout-flex wp-container-core-columns-is-layout-455a2e0d wp-block-columns-is-layout-flex\" style=\"padding-right:0;padding-left:0\">\n<div class=\"wp-block-column is-layout-flow wp-block-column-is-layout-flow\" style=\"padding-right:var(--wp--preset--spacing--10);flex-basis:50%\">\n<div class=\"wp-block-group alignfull has-global-padding is-layout-constrained wp-container-core-group-is-layout-c19476fc wp-block-group-is-layout-constrained\">\n<h2 class=\"wp-block-heading has-primary-color has-text-color has-link-color wp-elements-52f2e8f5d9a97b38bfc5e872894f6471\">Aberrante Lokalisation des stromalen Tissue Factors und mykolacton-induzierte vaskul\u00e4re Dysfunktion, verst\u00e4rkt durch IL-1\u03b2, sind mit der Fibrinbildung in Buruli-Ulkus-L\u00e4sionen assoziiert<\/h2>\n\n\n\n<hr class=\"wp-block-separator has-text-color has-primary-color has-alpha-channel-opacity has-primary-background-color has-background is-style-default\"\/>\n\n\n\n<p><a href=\"https:\/\/journals.plos.org\/plospathogens\/article?id=10.1371\/journal.ppat.1010280\" target=\"_blank\" rel=\"noreferrer noopener\"><strong>Tzang-Harn Hsieh et al<br>2022, PLoS Pathog 18(1): e1010280<\/strong><\/a><\/p>\n\n\n\n<hr class=\"wp-block-separator has-text-color has-primary-color has-alpha-channel-opacity has-primary-background-color has-background is-style-default\"\/>\n\n\n\n<p>\u201eSubkonfluente Zellen wurden entweder mit 10 ng\/mL Mykolacton, einer dem Mykolacton entsprechenden DMSO-Menge, 100 ng\/mL IL-1\u03b2 oder 400 ng\/mL LPS f\u00fcr 24 Stunden behandelt oder wie in den Abbildungslegenden angegeben. F\u00fcr die Echtzeit-Bildgebung wurden Endothelzellen \u00fcber Nacht in 24-Well-Platten ausges\u00e4t, wie angegeben behandelt und anschlie\u00dfend \u00fcber 24 Stunden alle 30 Minuten mit dem zenCELL Owl Inkubatormikroskop aufgenommen [\u2026]. Zeitraffer-Videos wurden mit der zencell-owl Software (Version 3.3, innoME GmbH) erstellt.\u201c (S. 24)<\/p>\n<\/div>\n<\/div>\n\n\n\n<div class=\"wp-block-column is-vertically-aligned-center is-layout-flow wp-block-column-is-layout-flow\" style=\"padding-right:0;padding-left:var(--wp--preset--spacing--10);flex-basis:50%\">\n<figure class=\"wp-block-image aligncenter size-full is-resized\"><img loading=\"lazy\" decoding=\"async\" width=\"602\" height=\"321\" src=\"https:\/\/innome.de\/wp-content\/uploads\/2026\/02\/HsiehScreensot.png\" alt=\"\" class=\"wp-image-406\" style=\"width:800px\" srcset=\"https:\/\/innome.de\/wp-content\/uploads\/2026\/02\/HsiehScreensot.png 602w, https:\/\/innome.de\/wp-content\/uploads\/2026\/02\/HsiehScreensot-300x160.png 300w\" sizes=\"(max-width: 602px) 100vw, 602px\" \/><\/figure>\n<\/div>\n<\/div>\n<\/div>\n\n\n\n<div class=\"wp-block-group alignwide pubs-wrap has-global-padding is-content-justification-left is-layout-constrained wp-container-core-group-is-layout-076201dd wp-block-group-is-layout-constrained\" style=\"margin-top:var(--wp--preset--spacing--38);margin-bottom:var(--wp--preset--spacing--38);padding-top:var(--wp--preset--spacing--28);padding-bottom:var(--wp--preset--spacing--28)\">\n<div class=\"wp-block-columns alignwide is-layout-flex wp-container-core-columns-is-layout-455a2e0d wp-block-columns-is-layout-flex\" style=\"padding-right:0;padding-left:0\">\n<div class=\"wp-block-column is-layout-flow wp-block-column-is-layout-flow\" style=\"padding-right:var(--wp--preset--spacing--10);flex-basis:50%\">\n<div class=\"wp-block-group alignfull has-global-padding is-layout-constrained wp-container-core-group-is-layout-c19476fc wp-block-group-is-layout-constrained\">\n<h2 class=\"wp-block-heading has-primary-color has-text-color has-link-color wp-elements-8c7d215c724293863182551b76643de7\">PCL-Mikro-Hanteln \u2013 Eine neue Klasse polymerer Partikel offenbart morphologische Biofunktionalit\u00e4t<\/h2>\n\n\n\n<hr class=\"wp-block-separator has-text-color has-primary-color has-alpha-channel-opacity has-primary-background-color has-background is-style-default\"\/>\n\n\n\n<p><a href=\"https:\/\/www.sciencedirect.com\/science\/article\/pii\/S2352940721001621?via%3Dihub\" target=\"_blank\" rel=\"noreferrer noopener\"><strong>Sonnleitner et al<br>2021, Applied materialstoday, Volume 24<\/strong><\/a><\/p>\n\n\n\n<hr class=\"wp-block-separator has-text-color has-primary-color has-alpha-channel-opacity has-primary-background-color has-background is-style-default\"\/>\n\n\n\n<p>\u201eU87-Zellen wurden auf kollagenbeschichtete bzw. unbeschichtete 24-Well-Platten mit einer Dichte von 30.000 Zellen ausges\u00e4t. Das Medium wurde mit frei schwebenden Fasern in einer Konzentration von 1 mg\/ml angereichert bzw. ohne diese supplementiert. Nach 2 Stunden wurden die 24-Well-Platten in ein zenCELL owl <a href=\"https:\/\/www.sciencedirect.com\/topics\/pharmacology-toxicology-and-pharmaceutical-science\/cellular-imaging\" data-type=\"link\" data-id=\"https:\/\/www.sciencedirect.com\/topics\/pharmacology-toxicology-and-pharmaceutical-science\/cellular-imaging\">Live-Cell-Imaging<\/a>-Mikroskop gestellt [\u2026] und \u00fcber 3 Tage beobachtet. Die Wells wurden alle 17 Minuten aufgenommen, und die Zellbedeckung, die Anzahl adh\u00e4renter Zellen, die Anzahl nicht-adh\u00e4renter Zellen sowie die Gesamtzellzahl pro einzelnem Kultur-Well wurden erfasst. Diagramme und Videos der <a href=\"https:\/\/www.sciencedirect.com\/topics\/materials-science\/cellular-imaging\" data-type=\"link\" data-id=\"https:\/\/www.sciencedirect.com\/topics\/materials-science\/cellular-imaging\">Live-Cell-Bildgebung<\/a> wurden mit dem zenCELL owl [\u2026] erstellt.\u201c (S. 4)<\/p>\n<\/div>\n<\/div>\n\n\n\n<div class=\"wp-block-column is-vertically-aligned-center is-layout-flow wp-block-column-is-layout-flow\" style=\"padding-right:0;padding-left:var(--wp--preset--spacing--10);flex-basis:50%\">\n<figure class=\"wp-block-image aligncenter size-full is-resized\"><img loading=\"lazy\" decoding=\"async\" width=\"1252\" height=\"415\" src=\"https:\/\/innome.de\/wp-content\/uploads\/2026\/02\/SonnleitnerScreenshot.png\" alt=\"\" class=\"wp-image-408\" style=\"width:800px\" srcset=\"https:\/\/innome.de\/wp-content\/uploads\/2026\/02\/SonnleitnerScreenshot.png 1252w, https:\/\/innome.de\/wp-content\/uploads\/2026\/02\/SonnleitnerScreenshot-300x99.png 300w, https:\/\/innome.de\/wp-content\/uploads\/2026\/02\/SonnleitnerScreenshot-1024x339.png 1024w, https:\/\/innome.de\/wp-content\/uploads\/2026\/02\/SonnleitnerScreenshot-768x255.png 768w\" sizes=\"(max-width: 1252px) 100vw, 1252px\" \/><\/figure>\n<\/div>\n<\/div>\n<\/div>\n\n\n\n<div class=\"wp-block-group alignwide pubs-wrap has-global-padding is-content-justification-left is-layout-constrained wp-container-core-group-is-layout-076201dd wp-block-group-is-layout-constrained\" style=\"margin-top:var(--wp--preset--spacing--38);margin-bottom:var(--wp--preset--spacing--38);padding-top:var(--wp--preset--spacing--28);padding-bottom:var(--wp--preset--spacing--28)\">\n<div class=\"wp-block-columns alignwide is-layout-flex wp-container-core-columns-is-layout-455a2e0d wp-block-columns-is-layout-flex\" style=\"padding-right:0;padding-left:0\">\n<div class=\"wp-block-column is-layout-flow wp-block-column-is-layout-flow\" style=\"padding-right:var(--wp--preset--spacing--10);flex-basis:50%\">\n<div class=\"wp-block-group alignfull has-global-padding is-layout-constrained wp-container-core-group-is-layout-c19476fc wp-block-group-is-layout-constrained\">\n<h2 class=\"wp-block-heading has-primary-color has-text-color has-link-color wp-elements-7ede45be369bbd903b1a31d5e85f4488\">In-situ-Sanierungseffizienz eines hybriden Aerogel-Adsorbens in einer Modell-Wasserkultur von Paramecium caudatum nach Exposition gegen\u00fcber Hg(II)<\/h2>\n\n\n\n<hr class=\"wp-block-separator has-text-color has-primary-color has-alpha-channel-opacity has-primary-background-color has-background is-style-default\"\/>\n\n\n\n<p><a href=\"https:\/\/www.sciencedirect.com\/science\/article\/pii\/S0045653521004884?via%3Dihub\" target=\"_blank\" rel=\"noreferrer noopener\"><strong>Herman et al<br>2021, Chemosphere, Volume 275<\/strong><\/a><\/p>\n\n\n\n<hr class=\"wp-block-separator has-text-color has-primary-color has-alpha-channel-opacity has-primary-background-color has-background is-style-default\"\/>\n\n\n\n<p>\u201eUm die Motilit\u00e4t von <em>Paramecium<\/em> unter den verschiedenen chemischen Bedingungen zu verfolgen, wurden die Zellkulturplatten in ein zenCell Owl Inkubatormikroskop (innoME GmbH) gestellt, das mit Standard-Kulturgef\u00e4\u00dfen kompatibel ist. Das Ger\u00e4t ist mit 24 unabh\u00e4ngigen miniaturisierten Kameras ausgestattet und erm\u00f6glicht somit die automatisierte, gleichzeitige \u00dcberwachung von 24 Zellkulturen mit Echtzeit-Datenerfassung und -Visualisierung am PC. [\u2026] Die <em>Paramecium<\/em>-Kulturen wurden \u00fcber 24 Stunden mit Aufnahmeintervallen von 5 Minuten \u00fcberwacht.\u201c (S. 3)<\/p>\n<\/div>\n<\/div>\n\n\n\n<div class=\"wp-block-column is-vertically-aligned-center is-layout-flow wp-block-column-is-layout-flow\" style=\"padding-right:0;padding-left:var(--wp--preset--spacing--10);flex-basis:50%\">\n<figure class=\"wp-block-image aligncenter size-full is-resized\"><img loading=\"lazy\" decoding=\"async\" width=\"546\" height=\"297\" src=\"https:\/\/innome.de\/wp-content\/uploads\/2026\/02\/Hermannetalscreenshot.png\" alt=\"\" class=\"wp-image-410\" style=\"width:800px\" srcset=\"https:\/\/innome.de\/wp-content\/uploads\/2026\/02\/Hermannetalscreenshot.png 546w, https:\/\/innome.de\/wp-content\/uploads\/2026\/02\/Hermannetalscreenshot-300x163.png 300w\" sizes=\"(max-width: 546px) 100vw, 546px\" \/><\/figure>\n<\/div>\n<\/div>\n<\/div>\n\n\n\n<div class=\"wp-block-group alignwide pubs-wrap has-global-padding is-content-justification-left is-layout-constrained wp-container-core-group-is-layout-076201dd wp-block-group-is-layout-constrained\" style=\"margin-top:var(--wp--preset--spacing--38);margin-bottom:var(--wp--preset--spacing--38);padding-top:var(--wp--preset--spacing--28);padding-bottom:var(--wp--preset--spacing--28)\">\n<div class=\"wp-block-columns alignwide is-layout-flex wp-container-core-columns-is-layout-455a2e0d wp-block-columns-is-layout-flex\" style=\"padding-right:0;padding-left:0\">\n<div class=\"wp-block-column is-layout-flow wp-block-column-is-layout-flow\" style=\"padding-right:var(--wp--preset--spacing--10);flex-basis:50%\">\n<div class=\"wp-block-group alignfull has-global-padding is-layout-constrained wp-container-core-group-is-layout-c19476fc wp-block-group-is-layout-constrained\">\n<h2 class=\"wp-block-heading has-primary-color has-text-color has-link-color wp-elements-c029192ee91283fa327338f263a02cc2\">Modellierung der Schwermetallakkumulation in aquatischen \u00d6kosystemen und Entwicklung selektiver Sorbentien zur Bindung von Metallionen<\/h2>\n\n\n\n<hr class=\"wp-block-separator has-text-color has-primary-color has-alpha-channel-opacity has-primary-background-color has-background is-style-default\"\/>\n\n\n\n<p><a href=\"https:\/\/scholar.google.com.pe\/citations?view_op=view_citation&amp;hl=fr&amp;user=KO-QxnsAAAAJ&amp;citation_for_view=KO-QxnsAAAAJ:Se3iqnhoufwC\" target=\"_blank\" rel=\"noreferrer noopener\"><strong>Petra Herman<br>2021, University of Debrecen<\/strong><\/a><\/p>\n\n\n\n<hr class=\"wp-block-separator has-text-color has-primary-color has-alpha-channel-opacity has-primary-background-color has-background is-style-default\"\/>\n\n\n\n<p>\u201eEs wurde ein aquatisches toxikologisches Modellsystem entwickelt, um die Sanierungseffizienz der Aerogele zu testen, die lebende Bioindikator-Kulturen (<em>Paramecium caudatum<\/em>) enthalten. Die Motilit\u00e4t der Paramecien, proportional zu ihrer Lebensf\u00e4higkeit, wurde mittels Zeitraffer-Videomikroskopie (zenCell Owl Inkubatormikroskop) \u00fcberwacht. Die Lebensf\u00e4higkeit der Paramecien wurde durch Analyse der Pixelunterschiede aufeinanderfolgender Bilder mit der Software ImageJ quantifiziert. Die \u00dcberlebenszeit der Paramecien wurde durch Anpassung einer linearen Trendlinie an die Datenpunkte gesch\u00e4tzt.\u201c (S. 5\u20136)<\/p>\n<\/div>\n<\/div>\n\n\n\n<div class=\"wp-block-column is-vertically-aligned-center is-layout-flow wp-block-column-is-layout-flow\" style=\"padding-right:0;padding-left:var(--wp--preset--spacing--10);flex-basis:50%\">\n<figure class=\"wp-block-image aligncenter size-full is-resized\"><img loading=\"lazy\" decoding=\"async\" width=\"705\" height=\"303\" src=\"https:\/\/innome.de\/wp-content\/uploads\/2026\/02\/Hermanscreenshot.png\" alt=\"\" class=\"wp-image-413\" style=\"width:800px\" srcset=\"https:\/\/innome.de\/wp-content\/uploads\/2026\/02\/Hermanscreenshot.png 705w, https:\/\/innome.de\/wp-content\/uploads\/2026\/02\/Hermanscreenshot-300x129.png 300w\" sizes=\"(max-width: 705px) 100vw, 705px\" \/><\/figure>\n<\/div>\n<\/div>\n<\/div>\n\n\n\n<div class=\"wp-block-group alignwide pubs-wrap has-global-padding is-content-justification-left is-layout-constrained wp-container-core-group-is-layout-076201dd wp-block-group-is-layout-constrained\" style=\"margin-top:var(--wp--preset--spacing--38);margin-bottom:var(--wp--preset--spacing--38);padding-top:var(--wp--preset--spacing--28);padding-bottom:var(--wp--preset--spacing--28)\">\n<div class=\"wp-block-columns alignwide is-layout-flex wp-container-core-columns-is-layout-455a2e0d wp-block-columns-is-layout-flex\" style=\"padding-right:0;padding-left:0\">\n<div class=\"wp-block-column is-layout-flow wp-block-column-is-layout-flow\" style=\"padding-right:var(--wp--preset--spacing--10);flex-basis:50%\">\n<div class=\"wp-block-group alignfull has-global-padding is-layout-constrained wp-container-core-group-is-layout-c19476fc wp-block-group-is-layout-constrained\">\n<h2 class=\"wp-block-heading has-primary-color has-text-color has-link-color wp-elements-159814d9e55703eafab2790f14e3c40f\">Ophiopogonin D lindert diabetische Myokardsch\u00e4den durch die Regulation der mitochondrialen Dynamik<\/h2>\n\n\n\n<hr class=\"wp-block-separator has-text-color has-primary-color has-alpha-channel-opacity has-primary-background-color has-background is-style-default\"\/>\n\n\n\n<p><a href=\"https:\/\/www.sciencedirect.com\/science\/article\/abs\/pii\/S0378874121000799?via%3Dihub\" target=\"_blank\" rel=\"noreferrer noopener\"><strong>Li et al<br>2021, Journal of Ethnopharmacology<\/strong><\/a><\/p>\n\n\n\n<hr class=\"wp-block-separator has-text-color has-primary-color has-alpha-channel-opacity has-primary-background-color has-background is-style-default\"\/>\n\n\n\n<p>\u201eH9C2-Kardiomyozyten in der logarithmischen Wachstumsphase wurden in diesem Versuch verwendet. Die kultivierten Zellen wurden automatisch \u00fcberwacht und aufgenommen mithilfe eines zenCELL owl Ger\u00e4ts (InnoME GmbH, Deutschland), einem Live-Cell-Monitor mit unabh\u00e4ngigen Mini-Mikroskopen. Das Cell Count Kit-8 (CCK-8) wurde verwendet, um die Zellviabilit\u00e4t zu bewerten. \u201c (S. 3)<\/p>\n<\/div>\n<\/div>\n\n\n\n<div class=\"wp-block-column is-vertically-aligned-center is-layout-flow wp-block-column-is-layout-flow\" style=\"padding-right:0;padding-left:var(--wp--preset--spacing--10);flex-basis:50%\">\n<figure class=\"wp-block-image aligncenter size-full is-resized\"><img loading=\"lazy\" decoding=\"async\" width=\"782\" height=\"259\" src=\"https:\/\/innome.de\/wp-content\/uploads\/2026\/03\/Lietalscreenshot.png\" alt=\"\" class=\"wp-image-416\" style=\"width:800px\" srcset=\"https:\/\/innome.de\/wp-content\/uploads\/2026\/03\/Lietalscreenshot.png 782w, https:\/\/innome.de\/wp-content\/uploads\/2026\/03\/Lietalscreenshot-300x99.png 300w, https:\/\/innome.de\/wp-content\/uploads\/2026\/03\/Lietalscreenshot-768x254.png 768w\" sizes=\"(max-width: 782px) 100vw, 782px\" \/><\/figure>\n<\/div>\n<\/div>\n<\/div>\n\n\n\n<div class=\"wp-block-group alignwide pubs-wrap has-global-padding is-content-justification-left is-layout-constrained wp-container-core-group-is-layout-076201dd wp-block-group-is-layout-constrained\" style=\"margin-top:var(--wp--preset--spacing--38);margin-bottom:var(--wp--preset--spacing--38);padding-top:var(--wp--preset--spacing--28);padding-bottom:var(--wp--preset--spacing--28)\">\n<div class=\"wp-block-columns alignwide is-layout-flex wp-container-core-columns-is-layout-455a2e0d wp-block-columns-is-layout-flex\" style=\"padding-right:0;padding-left:0\">\n<div class=\"wp-block-column is-layout-flow wp-block-column-is-layout-flow\" style=\"padding-right:var(--wp--preset--spacing--10);flex-basis:50%\">\n<div class=\"wp-block-group alignfull has-global-padding is-layout-constrained wp-container-core-group-is-layout-c19476fc wp-block-group-is-layout-constrained\">\n<h2 class=\"wp-block-heading has-primary-color has-text-color has-link-color wp-elements-11cbf27b977a8d4dde000b9038bb4898\">Effekte von Statinen und Vitamin D auf Osteosarkome<\/h2>\n\n\n\n<hr class=\"wp-block-separator has-text-color has-primary-color has-alpha-channel-opacity has-primary-background-color has-background is-style-default\"\/>\n\n\n\n<hr class=\"wp-block-separator has-alpha-channel-opacity\"\/>\n\n\n\n<p class=\"has-primary-color has-text-color has-link-color wp-elements-747e382272601ba86091d6adf12ae1e6\"><strong>Mrs. Bet\u00fcl \u00d6zbek Iptec<br>2019, Ankara Yilidirm Beyazit University, Turkey<\/strong><\/p>\n\n\n\n<hr class=\"wp-block-separator has-text-color has-primary-color has-alpha-channel-opacity has-primary-background-color has-background is-style-default\"\/>\n\n\n\n<p>\u201eMG-63-Zellen, die in 24-Well-Platten ausges\u00e4t wurden (3\u00d710\u2074 Zellen\/Well\/450 \u00b5L), wurden mit den in Tabelle 1 gezeigten Behandlungen behandelt, um die morphologischen Ver\u00e4nderungen und Ver\u00e4nderungen der Zelladh\u00e4sion auf der Oberfl\u00e4che durch Vitamin D, Atorvastatin und TNF-alpha auf Osteosarkomzellen zu untersuchen.<\/p>\n\n\n\n<p>\u00dcber einen Zeitraum von 48 Stunden wurden Echtzeitbilder der Zellen mit einem zenCELL owl Mikroskop in 1-Stunden-Intervallen \u00fcberwacht und aufgezeichnet.\u201c  (S 18\u201321)<\/p>\n<\/div>\n<\/div>\n\n\n\n<div class=\"wp-block-column is-vertically-aligned-center is-layout-flow wp-block-column-is-layout-flow\" style=\"padding-right:0;padding-left:var(--wp--preset--spacing--10);flex-basis:50%\">\n<figure class=\"wp-block-image aligncenter size-full is-resized\"><img loading=\"lazy\" decoding=\"async\" width=\"642\" height=\"836\" src=\"https:\/\/innome.de\/wp-content\/uploads\/2026\/03\/Iptecscreenshot.png\" alt=\"\" class=\"wp-image-417\" style=\"width:400px\" srcset=\"https:\/\/innome.de\/wp-content\/uploads\/2026\/03\/Iptecscreenshot.png 642w, https:\/\/innome.de\/wp-content\/uploads\/2026\/03\/Iptecscreenshot-230x300.png 230w\" sizes=\"(max-width: 642px) 100vw, 642px\" \/><\/figure>\n<\/div>\n<\/div>\n<\/div>\n<\/div>\n","protected":false},"excerpt":{"rendered":"<p>Publikationen mit der zenCELL owl *Alle Rechte vorbehalten bei den Autorinnen und Autoren sowie den Verlagen. Die subzellul\u00e4re Lokalisation von HER2, Zell-Zell-Kontakte und die Zelldichte regulieren die Plastizit\u00e4t von Krebszellen bei HER2-positivem Brustkrebs. Sameri, et al2023, bioRxiv \u201eWir f\u00fchrten Live-Cell-Imaging mit dem 24-Kanal-Mikroskop zenCELL owl durch. Dadurch konnten wir das unterschiedliche Migrationsverhalten von Zellen in [&hellip;]<\/p>\n","protected":false},"author":1,"featured_media":0,"parent":0,"menu_order":0,"comment_status":"closed","ping_status":"closed","template":"","meta":{"footnotes":""},"class_list":["post-337","page","type-page","status-publish","hentry"],"yoast_head":"<!-- This site is optimized with the Yoast SEO plugin v27.5 - https:\/\/yoast.com\/product\/yoast-seo-wordpress\/ -->\n<title>Publications - innome<\/title>\n<meta name=\"robots\" content=\"index, follow, max-snippet:-1, max-image-preview:large, max-video-preview:-1\" \/>\n<link rel=\"canonical\" href=\"https:\/\/innome.de\/de\/publications\/\" \/>\n<meta property=\"og:locale\" content=\"de_DE\" \/>\n<meta property=\"og:type\" content=\"article\" \/>\n<meta property=\"og:title\" content=\"Publications - innome\" \/>\n<meta property=\"og:description\" content=\"Publikationen mit der zenCELL owl *Alle Rechte vorbehalten bei den Autorinnen und Autoren sowie den Verlagen. Die subzellul\u00e4re Lokalisation von HER2, Zell-Zell-Kontakte und die Zelldichte regulieren die Plastizit\u00e4t von Krebszellen bei HER2-positivem Brustkrebs. Sameri, et al2023, bioRxiv \u201eWir f\u00fchrten Live-Cell-Imaging mit dem 24-Kanal-Mikroskop zenCELL owl durch. Dadurch konnten wir das unterschiedliche Migrationsverhalten von Zellen in [&hellip;]\" \/>\n<meta property=\"og:url\" content=\"https:\/\/innome.de\/de\/publications\/\" \/>\n<meta property=\"og:site_name\" content=\"innome\" \/>\n<meta property=\"article:modified_time\" content=\"2026-03-14T19:25:48+00:00\" \/>\n<meta property=\"og:image\" content=\"https:\/\/innome.de\/wp-content\/uploads\/2026\/02\/3561236123.png\" \/>\n\t<meta property=\"og:image:width\" content=\"1920\" \/>\n\t<meta property=\"og:image:height\" content=\"830\" \/>\n\t<meta property=\"og:image:type\" content=\"image\/png\" \/>\n<meta name=\"twitter:card\" content=\"summary_large_image\" \/>\n<meta name=\"twitter:label1\" content=\"Gesch\u00e4tzte Lesezeit\" \/>\n\t<meta name=\"twitter:data1\" content=\"8\u00a0Minuten\" \/>\n<script type=\"application\/ld+json\" class=\"yoast-schema-graph\">{\"@context\":\"https:\\\/\\\/schema.org\",\"@graph\":[{\"@type\":\"WebPage\",\"@id\":\"https:\\\/\\\/innome.de\\\/publications\\\/\",\"url\":\"https:\\\/\\\/innome.de\\\/publications\\\/\",\"name\":\"Publications - innome\",\"isPartOf\":{\"@id\":\"https:\\\/\\\/innome.de\\\/#website\"},\"primaryImageOfPage\":{\"@id\":\"https:\\\/\\\/innome.de\\\/publications\\\/#primaryimage\"},\"image\":{\"@id\":\"https:\\\/\\\/innome.de\\\/publications\\\/#primaryimage\"},\"thumbnailUrl\":\"https:\\\/\\\/innome.de\\\/wp-content\\\/uploads\\\/2026\\\/02\\\/3561236123.png\",\"datePublished\":\"2026-02-25T13:44:14+00:00\",\"dateModified\":\"2026-03-14T19:25:48+00:00\",\"breadcrumb\":{\"@id\":\"https:\\\/\\\/innome.de\\\/publications\\\/#breadcrumb\"},\"inLanguage\":\"de\",\"potentialAction\":[{\"@type\":\"ReadAction\",\"target\":[\"https:\\\/\\\/innome.de\\\/publications\\\/\"]}]},{\"@type\":\"ImageObject\",\"inLanguage\":\"de\",\"@id\":\"https:\\\/\\\/innome.de\\\/publications\\\/#primaryimage\",\"url\":\"https:\\\/\\\/innome.de\\\/wp-content\\\/uploads\\\/2026\\\/02\\\/3561236123.png\",\"contentUrl\":\"https:\\\/\\\/innome.de\\\/wp-content\\\/uploads\\\/2026\\\/02\\\/3561236123.png\"},{\"@type\":\"BreadcrumbList\",\"@id\":\"https:\\\/\\\/innome.de\\\/publications\\\/#breadcrumb\",\"itemListElement\":[{\"@type\":\"ListItem\",\"position\":1,\"name\":\"Home\",\"item\":\"https:\\\/\\\/innome.de\\\/\"},{\"@type\":\"ListItem\",\"position\":2,\"name\":\"Publications\"}]},{\"@type\":\"WebSite\",\"@id\":\"https:\\\/\\\/innome.de\\\/#website\",\"url\":\"https:\\\/\\\/innome.de\\\/\",\"name\":\"innome\",\"description\":\"Lab consumable and live cell imaging supplier\",\"publisher\":{\"@id\":\"https:\\\/\\\/innome.de\\\/#organization\"},\"potentialAction\":[{\"@type\":\"SearchAction\",\"target\":{\"@type\":\"EntryPoint\",\"urlTemplate\":\"https:\\\/\\\/innome.de\\\/?s={search_term_string}\"},\"query-input\":{\"@type\":\"PropertyValueSpecification\",\"valueRequired\":true,\"valueName\":\"search_term_string\"}}],\"inLanguage\":\"de\"},{\"@type\":\"Organization\",\"@id\":\"https:\\\/\\\/innome.de\\\/#organization\",\"name\":\"innome\",\"url\":\"https:\\\/\\\/innome.de\\\/\",\"logo\":{\"@type\":\"ImageObject\",\"inLanguage\":\"de\",\"@id\":\"https:\\\/\\\/innome.de\\\/#\\\/schema\\\/logo\\\/image\\\/\",\"url\":\"https:\\\/\\\/innome.de\\\/wp-content\\\/uploads\\\/2026\\\/02\\\/innoMEPNG.png\",\"contentUrl\":\"https:\\\/\\\/innome.de\\\/wp-content\\\/uploads\\\/2026\\\/02\\\/innoMEPNG.png\",\"width\":125,\"height\":26,\"caption\":\"innome\"},\"image\":{\"@id\":\"https:\\\/\\\/innome.de\\\/#\\\/schema\\\/logo\\\/image\\\/\"}}]}<\/script>\n<!-- \/ Yoast SEO plugin. -->","yoast_head_json":{"title":"Publications - innome","robots":{"index":"index","follow":"follow","max-snippet":"max-snippet:-1","max-image-preview":"max-image-preview:large","max-video-preview":"max-video-preview:-1"},"canonical":"https:\/\/innome.de\/de\/publications\/","og_locale":"de_DE","og_type":"article","og_title":"Publications - innome","og_description":"Publikationen mit der zenCELL owl *Alle Rechte vorbehalten bei den Autorinnen und Autoren sowie den Verlagen. Die subzellul\u00e4re Lokalisation von HER2, Zell-Zell-Kontakte und die Zelldichte regulieren die Plastizit\u00e4t von Krebszellen bei HER2-positivem Brustkrebs. Sameri, et al2023, bioRxiv \u201eWir f\u00fchrten Live-Cell-Imaging mit dem 24-Kanal-Mikroskop zenCELL owl durch. Dadurch konnten wir das unterschiedliche Migrationsverhalten von Zellen in [&hellip;]","og_url":"https:\/\/innome.de\/de\/publications\/","og_site_name":"innome","article_modified_time":"2026-03-14T19:25:48+00:00","og_image":[{"width":1920,"height":830,"url":"https:\/\/innome.de\/wp-content\/uploads\/2026\/02\/3561236123.png","type":"image\/png"}],"twitter_card":"summary_large_image","twitter_misc":{"Gesch\u00e4tzte Lesezeit":"8\u00a0Minuten"},"schema":{"@context":"https:\/\/schema.org","@graph":[{"@type":"WebPage","@id":"https:\/\/innome.de\/publications\/","url":"https:\/\/innome.de\/publications\/","name":"Publications - innome","isPartOf":{"@id":"https:\/\/innome.de\/#website"},"primaryImageOfPage":{"@id":"https:\/\/innome.de\/publications\/#primaryimage"},"image":{"@id":"https:\/\/innome.de\/publications\/#primaryimage"},"thumbnailUrl":"https:\/\/innome.de\/wp-content\/uploads\/2026\/02\/3561236123.png","datePublished":"2026-02-25T13:44:14+00:00","dateModified":"2026-03-14T19:25:48+00:00","breadcrumb":{"@id":"https:\/\/innome.de\/publications\/#breadcrumb"},"inLanguage":"de","potentialAction":[{"@type":"ReadAction","target":["https:\/\/innome.de\/publications\/"]}]},{"@type":"ImageObject","inLanguage":"de","@id":"https:\/\/innome.de\/publications\/#primaryimage","url":"https:\/\/innome.de\/wp-content\/uploads\/2026\/02\/3561236123.png","contentUrl":"https:\/\/innome.de\/wp-content\/uploads\/2026\/02\/3561236123.png"},{"@type":"BreadcrumbList","@id":"https:\/\/innome.de\/publications\/#breadcrumb","itemListElement":[{"@type":"ListItem","position":1,"name":"Home","item":"https:\/\/innome.de\/"},{"@type":"ListItem","position":2,"name":"Publications"}]},{"@type":"WebSite","@id":"https:\/\/innome.de\/#website","url":"https:\/\/innome.de\/","name":"innome","description":"Lab consumable and live cell imaging supplier","publisher":{"@id":"https:\/\/innome.de\/#organization"},"potentialAction":[{"@type":"SearchAction","target":{"@type":"EntryPoint","urlTemplate":"https:\/\/innome.de\/?s={search_term_string}"},"query-input":{"@type":"PropertyValueSpecification","valueRequired":true,"valueName":"search_term_string"}}],"inLanguage":"de"},{"@type":"Organization","@id":"https:\/\/innome.de\/#organization","name":"innome","url":"https:\/\/innome.de\/","logo":{"@type":"ImageObject","inLanguage":"de","@id":"https:\/\/innome.de\/#\/schema\/logo\/image\/","url":"https:\/\/innome.de\/wp-content\/uploads\/2026\/02\/innoMEPNG.png","contentUrl":"https:\/\/innome.de\/wp-content\/uploads\/2026\/02\/innoMEPNG.png","width":125,"height":26,"caption":"innome"},"image":{"@id":"https:\/\/innome.de\/#\/schema\/logo\/image\/"}}]}},"_links":{"self":[{"href":"https:\/\/innome.de\/de\/wp-json\/wp\/v2\/pages\/337","targetHints":{"allow":["GET"]}}],"collection":[{"href":"https:\/\/innome.de\/de\/wp-json\/wp\/v2\/pages"}],"about":[{"href":"https:\/\/innome.de\/de\/wp-json\/wp\/v2\/types\/page"}],"author":[{"embeddable":true,"href":"https:\/\/innome.de\/de\/wp-json\/wp\/v2\/users\/1"}],"replies":[{"embeddable":true,"href":"https:\/\/innome.de\/de\/wp-json\/wp\/v2\/comments?post=337"}],"version-history":[{"count":62,"href":"https:\/\/innome.de\/de\/wp-json\/wp\/v2\/pages\/337\/revisions"}],"predecessor-version":[{"id":596,"href":"https:\/\/innome.de\/de\/wp-json\/wp\/v2\/pages\/337\/revisions\/596"}],"wp:attachment":[{"href":"https:\/\/innome.de\/de\/wp-json\/wp\/v2\/media?parent=337"}],"curies":[{"name":"wp","href":"https:\/\/api.w.org\/{rel}","templated":true}]}}